{"id":1727,"date":"2019-07-16T07:32:56","date_gmt":"2019-07-16T07:32:56","guid":{"rendered":"http:\/\/localhost:8888\/www\/gla\/?page_id=1727"},"modified":"2019-11-04T15:06:52","modified_gmt":"2019-11-04T15:06:52","slug":"ana-llopis","status":"publish","type":"page","link":"https:\/\/www.gallardo-llopis.com\/en\/studio\/ana-llopis\/","title":{"rendered":"Ana Llopis"},"content":{"rendered":"<p>Doctor of Architecture since 1986 and Professor of Applied Physics since 1999. She was Director of the Superior Technical School of Architecture of Valencia (ETSAV) from 2008-2012. She teaches various subjects at the ETSAV related to sustainability, environmental conditioning (thermal, acoustic and light), architectural and urban acoustics and acoustic conditioning of rooms.<\/p>\n<p>She has published several books, including &#8220;Ac\u00fastica Arquitect\u00f3nica y Urban\u00edstica&#8221; (Limusa, 2008) and articles on acoustics in prestigious national and international media. She carries out many acoustic studies in theatres, auditoriums, congress halls and cultural centres nationwide. She participates assiduously in several national and international congresses, presenting papers to them. She is frequently invited to give lectures all over Spain on acoustic subjects.<\/p>\n<p>She has been a member of the Scientific Committee of Congresses, such as the XXVI Biennial of the Spanish Society of Physics, the International Research in Architecture and Urbanism, the III International Congress of Art and Environment, and the Construction Exhibition 2013. She participates in several Research Projects of the R+D+I plan of the Ministry of Science and Technology. She was a member of the Advisory Board of the magazine H\u00e1bitat Futura and she participates as a jury in different architectural competitions such as the IVVSA.<\/p>\n<style>img.logo-bio { width: auto; height: 60px; }<\/style><a href=\"http:\/\/www.upv.es\/entidades\/ETSA\/indexc.html\" target=\"_blank\"><img decoding=\"async\" class=\"logo-bio\" src=\"https:\/\/www.gallardo-llopis.com\/wordpress\/wp-content\/uploads\/2019\/08\/logo-etsa-1.jpg\" alt=\"Escuela T\u00e9cnica Superior de Arquitectura\" \/><\/a>\n<style>img.logo-bio { width: auto; height: 60px; }<\/style><a href=\"http:\/\/www.etsia.upv.es\/Investigacion\/ginvestigacion.htm\" target=\"_blank\"><img decoding=\"async\" class=\"logo-bio\" src=\"https:\/\/www.gallardo-llopis.com\/wordpress\/wp-content\/uploads\/2019\/08\/logo-acarma.jpg\" alt=\"ACARMA\" \/><\/a>\n<style>img.logo-bio { width: auto; height: 60px; }<\/style><a href=\"http:\/\/www.upv.es\" target=\"_blank\"><img decoding=\"async\" class=\"logo-bio\" src=\"https:\/\/www.gallardo-llopis.com\/wordpress\/wp-content\/uploads\/2019\/08\/logo-upv.png\" alt=\"UPV - Universitat Polit\u00e9cnica de Val\u00e8ncia\" \/><\/a>\n","protected":false},"excerpt":{"rendered":"<p>Doctor of Architecture since 1986 and Professor of Applied Physics since 1999. She was Director of the Superior Technical School of Architecture of Valencia (ETSAV) from 2008-2012. She teaches various subjects at the ETSAV related to sustainability, environmental conditioning (thermal,&#8230;<\/p>\n","protected":false},"author":1,"featured_media":1689,"parent":814,"menu_order":0,"comment_status":"closed","ping_status":"closed","template":"page-bio.php","meta":{"footnotes":""},"class_list":["post-1727","page","type-page","status-publish","has-post-thumbnail","hentry"],"yoast_head":"<!-- This site is optimized with the Yoast SEO plugin v27.5 - https:\/\/yoast.com\/product\/yoast-seo-wordpress\/ -->\n<title>Ana Llopis<\/title>\n<meta name=\"robots\" content=\"index, follow, max-snippet:-1, max-image-preview:large, max-video-preview:-1\" \/>\n<link rel=\"canonical\" href=\"https:\/\/www.gallardo-llopis.com\/en\/studio\/ana-llopis\/\" \/>\n<meta property=\"og:locale\" content=\"en_US\" \/>\n<meta property=\"og:type\" content=\"article\" \/>\n<meta property=\"og:title\" content=\"Ana Llopis\" \/>\n<meta property=\"og:description\" content=\"Doctor of Architecture since 1986 and Professor of Applied Physics since 1999. She was Director of the Superior Technical School of Architecture of Valencia (ETSAV) from 2008-2012. She teaches various subjects at the ETSAV related to sustainability, environmental conditioning (thermal,...\" \/>\n<meta property=\"og:url\" content=\"https:\/\/www.gallardo-llopis.com\/en\/studio\/ana-llopis\/\" \/>\n<meta property=\"og:site_name\" content=\"Gallardo Llopis Architects\" \/>\n<meta property=\"article:publisher\" content=\"https:\/\/www.facebook.com\/GallardoLlopisArquitectos\/\" \/>\n<meta property=\"article:modified_time\" content=\"2019-11-04T15:06:52+00:00\" \/>\n<meta property=\"og:image\" content=\"https:\/\/www.gallardo-llopis.com\/wordpress\/wp-content\/uploads\/2019\/07\/equipo-ana-llopis-2.jpg\" \/>\n\t<meta property=\"og:image:width\" content=\"1400\" \/>\n\t<meta property=\"og:image:height\" content=\"1180\" \/>\n\t<meta property=\"og:image:type\" content=\"image\/jpeg\" \/>\n<meta name=\"twitter:card\" content=\"summary_large_image\" \/>\n<meta name=\"twitter:label1\" content=\"Est. reading time\" \/>\n\t<meta name=\"twitter:data1\" content=\"1 minute\" \/>\n<script type=\"application\/ld+json\" class=\"yoast-schema-graph\">{\"@context\":\"https:\\\/\\\/schema.org\",\"@graph\":[{\"@type\":\"WebPage\",\"@id\":\"https:\\\/\\\/www.gallardo-llopis.com\\\/en\\\/studio\\\/ana-llopis\\\/\",\"url\":\"https:\\\/\\\/www.gallardo-llopis.com\\\/en\\\/studio\\\/ana-llopis\\\/\",\"name\":\"Ana Llopis\",\"isPartOf\":{\"@id\":\"https:\\\/\\\/www.gallardo-llopis.com\\\/#website\"},\"primaryImageOfPage\":{\"@id\":\"https:\\\/\\\/www.gallardo-llopis.com\\\/en\\\/studio\\\/ana-llopis\\\/#primaryimage\"},\"image\":{\"@id\":\"https:\\\/\\\/www.gallardo-llopis.com\\\/en\\\/studio\\\/ana-llopis\\\/#primaryimage\"},\"thumbnailUrl\":\"https:\\\/\\\/www.gallardo-llopis.com\\\/wordpress\\\/wp-content\\\/uploads\\\/2019\\\/07\\\/equipo-ana-llopis-2.jpg\",\"datePublished\":\"2019-07-16T07:32:56+00:00\",\"dateModified\":\"2019-11-04T15:06:52+00:00\",\"breadcrumb\":{\"@id\":\"https:\\\/\\\/www.gallardo-llopis.com\\\/en\\\/studio\\\/ana-llopis\\\/#breadcrumb\"},\"inLanguage\":\"en-US\",\"potentialAction\":[{\"@type\":\"ReadAction\",\"target\":[\"https:\\\/\\\/www.gallardo-llopis.com\\\/en\\\/studio\\\/ana-llopis\\\/\"]}]},{\"@type\":\"ImageObject\",\"inLanguage\":\"en-US\",\"@id\":\"https:\\\/\\\/www.gallardo-llopis.com\\\/en\\\/studio\\\/ana-llopis\\\/#primaryimage\",\"url\":\"https:\\\/\\\/www.gallardo-llopis.com\\\/wordpress\\\/wp-content\\\/uploads\\\/2019\\\/07\\\/equipo-ana-llopis-2.jpg\",\"contentUrl\":\"https:\\\/\\\/www.gallardo-llopis.com\\\/wordpress\\\/wp-content\\\/uploads\\\/2019\\\/07\\\/equipo-ana-llopis-2.jpg\",\"width\":1400,\"height\":1180,\"caption\":\"Ana Llopis - Gallardo Llopis Arquitectos\"},{\"@type\":\"BreadcrumbList\",\"@id\":\"https:\\\/\\\/www.gallardo-llopis.com\\\/en\\\/studio\\\/ana-llopis\\\/#breadcrumb\",\"itemListElement\":[{\"@type\":\"ListItem\",\"position\":1,\"name\":\"Portada\",\"item\":\"https:\\\/\\\/www.gallardo-llopis.com\\\/en\\\/\"},{\"@type\":\"ListItem\",\"position\":2,\"name\":\"Studio\",\"item\":\"https:\\\/\\\/www.gallardo-llopis.com\\\/en\\\/studio\\\/\"},{\"@type\":\"ListItem\",\"position\":3,\"name\":\"Ana Llopis\"}]},{\"@type\":\"WebSite\",\"@id\":\"https:\\\/\\\/www.gallardo-llopis.com\\\/#website\",\"url\":\"https:\\\/\\\/www.gallardo-llopis.com\\\/\",\"name\":\"Gallardo Llopis Architects\",\"description\":\"Architecture and Design Studio - Valencia, Alicante, Ibiza and Castell\u00f3n\",\"publisher\":{\"@id\":\"https:\\\/\\\/www.gallardo-llopis.com\\\/#organization\"},\"potentialAction\":[{\"@type\":\"SearchAction\",\"target\":{\"@type\":\"EntryPoint\",\"urlTemplate\":\"https:\\\/\\\/www.gallardo-llopis.com\\\/?s={search_term_string}\"},\"query-input\":{\"@type\":\"PropertyValueSpecification\",\"valueRequired\":true,\"valueName\":\"search_term_string\"}}],\"inLanguage\":\"en-US\"},{\"@type\":\"Organization\",\"@id\":\"https:\\\/\\\/www.gallardo-llopis.com\\\/#organization\",\"name\":\"Gallardo Llopis Arquitectos\",\"url\":\"https:\\\/\\\/www.gallardo-llopis.com\\\/\",\"logo\":{\"@type\":\"ImageObject\",\"inLanguage\":\"en-US\",\"@id\":\"https:\\\/\\\/www.gallardo-llopis.com\\\/#\\\/schema\\\/logo\\\/image\\\/\",\"url\":\"https:\\\/\\\/www.gallardo-llopis.com\\\/wordpress\\\/wp-content\\\/uploads\\\/2017\\\/11\\\/logo-contacto.jpg\",\"contentUrl\":\"https:\\\/\\\/www.gallardo-llopis.com\\\/wordpress\\\/wp-content\\\/uploads\\\/2017\\\/11\\\/logo-contacto.jpg\",\"width\":768,\"height\":427,\"caption\":\"Gallardo Llopis Arquitectos\"},\"image\":{\"@id\":\"https:\\\/\\\/www.gallardo-llopis.com\\\/#\\\/schema\\\/logo\\\/image\\\/\"},\"sameAs\":[\"https:\\\/\\\/www.facebook.com\\\/GallardoLlopisArquitectos\\\/\",\"https:\\\/\\\/www.instagram.com\\\/gallardo_llopis_arquitectos\\\/\",\"https:\\\/\\\/www.linkedin.com\\\/company\\\/gallardo-llopis-arquitectos\\\/\",\"https:\\\/\\\/www.pinterest.es\\\/GallardoLlopisArquitectos\\\/\"]}]}<\/script>\n<!-- \/ Yoast SEO plugin. -->","yoast_head_json":{"title":"Ana Llopis","robots":{"index":"index","follow":"follow","max-snippet":"max-snippet:-1","max-image-preview":"max-image-preview:large","max-video-preview":"max-video-preview:-1"},"canonical":"https:\/\/www.gallardo-llopis.com\/en\/studio\/ana-llopis\/","og_locale":"en_US","og_type":"article","og_title":"Ana Llopis","og_description":"Doctor of Architecture since 1986 and Professor of Applied Physics since 1999. She was Director of the Superior Technical School of Architecture of Valencia (ETSAV) from 2008-2012. She teaches various subjects at the ETSAV related to sustainability, environmental conditioning (thermal,...","og_url":"https:\/\/www.gallardo-llopis.com\/en\/studio\/ana-llopis\/","og_site_name":"Gallardo Llopis Architects","article_publisher":"https:\/\/www.facebook.com\/GallardoLlopisArquitectos\/","article_modified_time":"2019-11-04T15:06:52+00:00","og_image":[{"width":1400,"height":1180,"url":"https:\/\/www.gallardo-llopis.com\/wordpress\/wp-content\/uploads\/2019\/07\/equipo-ana-llopis-2.jpg","type":"image\/jpeg"}],"twitter_card":"summary_large_image","twitter_misc":{"Est. reading time":"1 minute"},"schema":{"@context":"https:\/\/schema.org","@graph":[{"@type":"WebPage","@id":"https:\/\/www.gallardo-llopis.com\/en\/studio\/ana-llopis\/","url":"https:\/\/www.gallardo-llopis.com\/en\/studio\/ana-llopis\/","name":"Ana Llopis","isPartOf":{"@id":"https:\/\/www.gallardo-llopis.com\/#website"},"primaryImageOfPage":{"@id":"https:\/\/www.gallardo-llopis.com\/en\/studio\/ana-llopis\/#primaryimage"},"image":{"@id":"https:\/\/www.gallardo-llopis.com\/en\/studio\/ana-llopis\/#primaryimage"},"thumbnailUrl":"https:\/\/www.gallardo-llopis.com\/wordpress\/wp-content\/uploads\/2019\/07\/equipo-ana-llopis-2.jpg","datePublished":"2019-07-16T07:32:56+00:00","dateModified":"2019-11-04T15:06:52+00:00","breadcrumb":{"@id":"https:\/\/www.gallardo-llopis.com\/en\/studio\/ana-llopis\/#breadcrumb"},"inLanguage":"en-US","potentialAction":[{"@type":"ReadAction","target":["https:\/\/www.gallardo-llopis.com\/en\/studio\/ana-llopis\/"]}]},{"@type":"ImageObject","inLanguage":"en-US","@id":"https:\/\/www.gallardo-llopis.com\/en\/studio\/ana-llopis\/#primaryimage","url":"https:\/\/www.gallardo-llopis.com\/wordpress\/wp-content\/uploads\/2019\/07\/equipo-ana-llopis-2.jpg","contentUrl":"https:\/\/www.gallardo-llopis.com\/wordpress\/wp-content\/uploads\/2019\/07\/equipo-ana-llopis-2.jpg","width":1400,"height":1180,"caption":"Ana Llopis - Gallardo Llopis Arquitectos"},{"@type":"BreadcrumbList","@id":"https:\/\/www.gallardo-llopis.com\/en\/studio\/ana-llopis\/#breadcrumb","itemListElement":[{"@type":"ListItem","position":1,"name":"Portada","item":"https:\/\/www.gallardo-llopis.com\/en\/"},{"@type":"ListItem","position":2,"name":"Studio","item":"https:\/\/www.gallardo-llopis.com\/en\/studio\/"},{"@type":"ListItem","position":3,"name":"Ana Llopis"}]},{"@type":"WebSite","@id":"https:\/\/www.gallardo-llopis.com\/#website","url":"https:\/\/www.gallardo-llopis.com\/","name":"Gallardo Llopis Architects","description":"Architecture and Design Studio - Valencia, Alicante, Ibiza and Castell\u00f3n","publisher":{"@id":"https:\/\/www.gallardo-llopis.com\/#organization"},"potentialAction":[{"@type":"SearchAction","target":{"@type":"EntryPoint","urlTemplate":"https:\/\/www.gallardo-llopis.com\/?s={search_term_string}"},"query-input":{"@type":"PropertyValueSpecification","valueRequired":true,"valueName":"search_term_string"}}],"inLanguage":"en-US"},{"@type":"Organization","@id":"https:\/\/www.gallardo-llopis.com\/#organization","name":"Gallardo Llopis Arquitectos","url":"https:\/\/www.gallardo-llopis.com\/","logo":{"@type":"ImageObject","inLanguage":"en-US","@id":"https:\/\/www.gallardo-llopis.com\/#\/schema\/logo\/image\/","url":"https:\/\/www.gallardo-llopis.com\/wordpress\/wp-content\/uploads\/2017\/11\/logo-contacto.jpg","contentUrl":"https:\/\/www.gallardo-llopis.com\/wordpress\/wp-content\/uploads\/2017\/11\/logo-contacto.jpg","width":768,"height":427,"caption":"Gallardo Llopis Arquitectos"},"image":{"@id":"https:\/\/www.gallardo-llopis.com\/#\/schema\/logo\/image\/"},"sameAs":["https:\/\/www.facebook.com\/GallardoLlopisArquitectos\/","https:\/\/www.instagram.com\/gallardo_llopis_arquitectos\/","https:\/\/www.linkedin.com\/company\/gallardo-llopis-arquitectos\/","https:\/\/www.pinterest.es\/GallardoLlopisArquitectos\/"]}]}},"_links":{"self":[{"href":"https:\/\/www.gallardo-llopis.com\/en\/wp-json\/wp\/v2\/pages\/1727","targetHints":{"allow":["GET"]}}],"collection":[{"href":"https:\/\/www.gallardo-llopis.com\/en\/wp-json\/wp\/v2\/pages"}],"about":[{"href":"https:\/\/www.gallardo-llopis.com\/en\/wp-json\/wp\/v2\/types\/page"}],"author":[{"embeddable":true,"href":"https:\/\/www.gallardo-llopis.com\/en\/wp-json\/wp\/v2\/users\/1"}],"replies":[{"embeddable":true,"href":"https:\/\/www.gallardo-llopis.com\/en\/wp-json\/wp\/v2\/comments?post=1727"}],"version-history":[{"count":6,"href":"https:\/\/www.gallardo-llopis.com\/en\/wp-json\/wp\/v2\/pages\/1727\/revisions"}],"predecessor-version":[{"id":4591,"href":"https:\/\/www.gallardo-llopis.com\/en\/wp-json\/wp\/v2\/pages\/1727\/revisions\/4591"}],"up":[{"embeddable":true,"href":"https:\/\/www.gallardo-llopis.com\/en\/wp-json\/wp\/v2\/pages\/814"}],"wp:featuredmedia":[{"embeddable":true,"href":"https:\/\/www.gallardo-llopis.com\/en\/wp-json\/wp\/v2\/media\/1689"}],"wp:attachment":[{"href":"https:\/\/www.gallardo-llopis.com\/en\/wp-json\/wp\/v2\/media?parent=1727"}],"curies":[{"name":"wp","href":"https:\/\/api.w.org\/{rel}","templated":true}]}}