{"id":6956,"date":"2018-10-02T17:17:21","date_gmt":"2018-10-02T17:17:21","guid":{"rendered":"https:\/\/www.gallardo-llopis.com\/?post_type=gla-project&#038;p=6956"},"modified":"2026-02-25T17:18:02","modified_gmt":"2026-02-25T17:18:02","slug":"la-casa-tamiz","status":"publish","type":"gla-project","link":"https:\/\/www.gallardo-llopis.com\/en\/projects\/la-casa-tamiz\/","title":{"rendered":"La casa tamiz"},"content":{"rendered":"<div class=\"row\"><div class=\"col one-third first\"><\/div><div class=\"col one-third\"><h2 class=\"title\"><p><span style=\"color: #000000;\">LA CASA TAMIZ<\/span><\/p>\n<\/h2><div class=\"text small-text\"><p>La casa, ubicada en la desembocadura del rio duero en Oporto, se concibe como un espacio habitable que surge entre dos elementos principales: el primero, un muro de piedra que proporciona soporte, enfatiza el acceso y brinda privacidad, ya que controla las vistas de la parcela colindante; y el segundo, un gran plano horizontal que protege y recoge los espacios interiores.<\/p>\n<p>Por su parte, los espacios exteriores se entienden como una prolongaci\u00f3n del interior, ya que est\u00e1n parcialmente protegidos por el mismo plano y adquieren una calidad y un uso diferentes en funci\u00f3n de su orientaci\u00f3n y posici\u00f3n. La vivienda aprovecha al m\u00e1ximo el entorno natural, ya que la continuidad entre los espacios interiores y exteriores se convierte en la clave del proyecto.<\/p>\n<\/div><\/div><div class=\"col one-third last\"><\/div><\/div><div class=\"space\"><\/div>\n<div class=\"row\"><div class=\"col full-width\"><div class=\"row\"><div class=\"col full-width\"><img decoding=\"async\" src=\"https:\/\/www.gallardo-llopis.com\/wordpress\/wp-content\/uploads\/2026\/01\/gallardo-llopis-arquitectos-portugal-vivienda-en-oporto-boceto.jpg\" alt=\"Arquitecto villa Oporto\" width=\"100%\" height=\"auto\" \/><\/div><\/div><\/div><\/div><div class=\"space\"><\/div>\n<div class=\"row\"><div class=\"col full-width\"><div class=\"row\"><div class=\"col full-width\"><img decoding=\"async\" src=\"https:\/\/www.gallardo-llopis.com\/wordpress\/wp-content\/uploads\/2026\/01\/gallardo-llopis-arquitectos-portugal-vivienda-en-oporto-3d-02.jpg\" alt=\"Arquitecto villa Oporto\" width=\"100%\" height=\"auto\" \/><\/div><\/div><\/div><\/div><div class=\"space\"><\/div>\n<div class=\"row\"><div class=\"col one-half\"><h2 class=\"title\"><p>IMPLANTACION Y VOLUMEN<\/p>\n<\/h2><div class=\"text small-text\"><p>El espacio que se puede construir dentro de la parcela est\u00e1 fuertemente regulado por la normativa urban\u00edstica municipal, que limita la posici\u00f3n del edificio a una zona espec\u00edfica y deja espacios libres alrededor de la vivienda.<\/p>\n<p>Para aprovechar al m\u00e1ximo el espacio edificable, el volumen inicial es el resultado de extruir esta zona limitada, mientras que en el lado norte de la parcela se deja un gran espacio libre.<\/p>\n<\/div><\/div><div class=\"col one-half last\"><\/div><\/div><div class=\"space\"><\/div>\n<div class=\"row\"><div class=\"col one-half\"><div class=\"row\"><div class=\"col full-width\"><div id=\"new-royalslider-112\" class=\"royalSlider new-royalslider-112 CustomSkin rs-default-template\" style=\"width:100%;height:100%;;\" data-rs-options='{&quot;template&quot;:&quot;default&quot;,&quot;image_generation&quot;:{&quot;lazyLoading&quot;:&quot;true&quot;,&quot;imageWidth&quot;:&quot;&quot;,&quot;imageHeight&quot;:&quot;&quot;,&quot;thumbImageWidth&quot;:&quot;&quot;,&quot;thumbImageHeight&quot;:&quot;&quot;},&quot;thumbs&quot;:{&quot;thumbWidth&quot;:96,&quot;thumbHeight&quot;:72},&quot;autoPlay&quot;:{&quot;enabled&quot;:&quot;true&quot;,&quot;stopAtAction&quot;:&quot;false&quot;,&quot;pauseOnHover&quot;:&quot;false&quot;},&quot;video&quot;:[],&quot;block&quot;:{&quot;moveOffset&quot;:20,&quot;speed&quot;:400,&quot;delay&quot;:200},&quot;width&quot;:&quot;100%&quot;,&quot;height&quot;:&quot;100%&quot;,&quot;autoScaleSlider&quot;:&quot;true&quot;,&quot;autoScaleSliderWidth&quot;:1730,&quot;autoScaleSliderHeight&quot;:1280,&quot;slidesSpacing&quot;:0,&quot;imageScaleMode&quot;:&quot;fill&quot;,&quot;arrowsNav&quot;:&quot;false&quot;,&quot;transitionType&quot;:&quot;fade&quot;,&quot;transitionSpeed&quot;:1400,&quot;loop&quot;:&quot;true&quot;}'>\n<div class=\"rsContent\">\n  <a class=\"rsImg\" href=\"https:\/\/www.gallardo-llopis.com\/wordpress\/wp-content\/uploads\/2026\/01\/gallardo-llopis-arquitectos-portugal-vivienda-en-oporto-esquema-01-1024x758.jpg\">Villa en Oporto, Portugal  - Gallardo Llopis Arquitectos<\/a>\n  \n  \n  \n<\/div>\n<div class=\"rsContent\">\n  <a class=\"rsImg\" href=\"https:\/\/www.gallardo-llopis.com\/wordpress\/wp-content\/uploads\/2026\/01\/gallardo-llopis-arquitectos-portugal-vivienda-en-oporto-esquema-02-1024x758.jpg\">Villa en Oporto, Portugal  - Gallardo Llopis Arquitectos<\/a>\n  \n  \n  \n<\/div>\n<div class=\"rsContent\">\n  <a class=\"rsImg\" href=\"https:\/\/www.gallardo-llopis.com\/wordpress\/wp-content\/uploads\/2026\/01\/gallardo-llopis-arquitectos-portugal-vivienda-en-oporto-esquema-03-1024x758.jpg\">Villa en Oporto, Portugal  - Gallardo Llopis Arquitectos<\/a>\n  \n  \n  \n<\/div>\n<div class=\"rsContent\">\n  <a class=\"rsImg\" href=\"https:\/\/www.gallardo-llopis.com\/wordpress\/wp-content\/uploads\/2026\/01\/gallardo-llopis-arquitectos-portugal-vivienda-en-oporto-esquema-04-1024x758.jpg\">Villa en Oporto, Portugal  - Gallardo Llopis Arquitectos<\/a>\n  \n  \n  \n<\/div>\n\n<\/div>\n<\/div><\/div><\/div><div class=\"col one-half last\"><\/div><\/div><div class=\"space\"><\/div>\n<div class=\"row\"><div class=\"col one-half\"><div class=\"text small-text\"><p>El acceso a la parcela se relega al lado norte, donde un gran espacio verde act\u00faa como filtro, ya que este lado da a la zona urbana. Se ha situado una entrada secundaria cerca de la esquina de este lado para proporcionar un acceso m\u00e1s directo a determinadas zonas de la vivienda.<\/p>\n<p>De este modo, se deja m\u00e1s espacio libre en la parte oeste de la parcela, donde se encuentran las mejores vistas.<\/p>\n<\/div><\/div><div class=\"col one-half last\"><\/div><\/div><div class=\"space\"><\/div>\n<div class=\"row\"><div class=\"col one-third first\"><\/div><div class=\"col two-third last\"><div class=\"row\"><div class=\"col full-width\"><img decoding=\"async\" src=\"https:\/\/www.gallardo-llopis.com\/wordpress\/wp-content\/uploads\/2026\/01\/gallardo-llopis-arquitectos-portugal-vivienda-en-oporto-3d-03.jpg\" alt=\"Arquitecto villa Oporto\" width=\"100%\" height=\"auto\" \/><\/div><\/div><\/div><\/div><div class=\"space\"><\/div>\n<div class=\"row\"><div class=\"col one-third first\"><\/div> <div class=\"col two-third last\"><h2 class=\"title\"><p><span style=\"color: #000000;\">EL PATIO<\/span><\/p>\n<\/h2><div class=\"text small-text\"><p>El proyecto se enriquece espacialmente gracias a la disposici\u00f3n de un gran patio verde en el frente norte de la parcela, una apertura de luz y visuales a los espacios interiores del s\u00f3tano.<\/p>\n<p>Para evitar la vista de grandes muros, los l\u00edmites del patio est\u00e1n aterrazados, lo que crea una transici\u00f3n entre el patio horizontal y los muros verticales que lo rodean, y aumenta la sensaci\u00f3n de espacio abierto. Este patio est\u00e1 concebido como un jard\u00edn escondido, un espacio privado para relajarse y desconectar.<\/p>\n<p>El vest\u00edbulo situado en el centro del s\u00f3tano conecta esta planta con la planta baja. Los espacios principales del s\u00f3tano se distribuyen alrededor del patio, aprovechando al m\u00e1ximo este jard\u00edn privado. <\/p>\n<\/div><\/div><\/div><div class=\"space\"><\/div>\n<div class=\"row\"><div class=\"col full-width\"><div class=\"row\"><div class=\"col full-width\"><video width=\"100%\" height=\"auto\" id=\"video-home\" poster=\"\" loop autoplay muted playsinline><source src=\"https:\/\/player.vimeo.com\/progressive_redirect\/playback\/1160499889\/rendition\/1080p\/file.mp4%20%281080p%29.mp4?loc=external&amp;log_user=0&amp;signature=e789ceffa0dcbbbf2c7dc264702dcaa46ed46d270b33dd14350c17a7745b9173\" type=\"video\/mp4\">Your browser does not support the video tag.<\/video><\/div><\/div><\/div><\/div><div class=\"space\"><\/div>\n<div class=\"row\"><div class=\"col one-half\"><h2 class=\"title\"><p><span style=\"color: #000000;\">DIFERENTES ENTORNOS<\/span><\/p>\n<\/h2><div class=\"text small-text\"><p>Mientras que la fachada norte da a la zona urbana, las fachadas sur y oeste dan a las zonas verdes boscosas y al hermoso paisaje, desde donde se vislumbra la desembocadura del Duero.<\/p>\n<p>Es por ello que las zonas diurnas se sit\u00faan en el lado sur del edificio, ya que este lado da al entorno verde y tiene mejor iluminaci\u00f3n solar, mientras que las zonas nocturnas se ubican en el lado norte del volumen. La entrada a la vivienda se realiza por el centro, directamente a un espacio que distribuye toda la casa.<\/p>\n<\/div><\/div><div class=\"col one-half last\"><\/div><\/div><div class=\"space\"><\/div>\n<div class=\"row\"><div class=\"col one-half\"><div class=\"row\"><div class=\"col full-width\"><div id=\"new-royalslider-113\" class=\"royalSlider new-royalslider-113 CustomSkin rs-default-template\" style=\"width:100%;height:100%;;\" data-rs-options='{&quot;template&quot;:&quot;default&quot;,&quot;image_generation&quot;:{&quot;lazyLoading&quot;:&quot;true&quot;,&quot;imageWidth&quot;:&quot;&quot;,&quot;imageHeight&quot;:&quot;&quot;,&quot;thumbImageWidth&quot;:&quot;&quot;,&quot;thumbImageHeight&quot;:&quot;&quot;},&quot;thumbs&quot;:{&quot;thumbWidth&quot;:96,&quot;thumbHeight&quot;:72},&quot;autoPlay&quot;:{&quot;enabled&quot;:&quot;true&quot;,&quot;stopAtAction&quot;:&quot;false&quot;,&quot;pauseOnHover&quot;:&quot;false&quot;},&quot;video&quot;:[],&quot;block&quot;:{&quot;moveOffset&quot;:20,&quot;speed&quot;:400,&quot;delay&quot;:200},&quot;width&quot;:&quot;100%&quot;,&quot;height&quot;:&quot;100%&quot;,&quot;autoScaleSlider&quot;:&quot;true&quot;,&quot;autoScaleSliderWidth&quot;:1730,&quot;autoScaleSliderHeight&quot;:1280,&quot;slidesSpacing&quot;:0,&quot;imageScaleMode&quot;:&quot;fill&quot;,&quot;arrowsNav&quot;:&quot;false&quot;,&quot;transitionType&quot;:&quot;fade&quot;,&quot;transitionSpeed&quot;:1400,&quot;loop&quot;:&quot;true&quot;}'>\n<div class=\"rsContent\">\n  <a class=\"rsImg\" href=\"https:\/\/www.gallardo-llopis.com\/wordpress\/wp-content\/uploads\/2026\/01\/gallardo-llopis-arquitectos-portugal-vivienda-en-oporto-esquema-05-1024x758.jpg\">Villa en Oporto, Portugal  - Gallardo Llopis Arquitectos<\/a>\n  \n  \n  \n<\/div>\n<div class=\"rsContent\">\n  <a class=\"rsImg\" href=\"https:\/\/www.gallardo-llopis.com\/wordpress\/wp-content\/uploads\/2026\/01\/gallardo-llopis-arquitectos-portugal-vivienda-en-oporto-esquema-06-1024x758.jpg\">Villa en Oporto, Portugal  - Gallardo Llopis Arquitectos<\/a>\n  \n  \n  \n<\/div>\n<div class=\"rsContent\">\n  <a class=\"rsImg\" href=\"https:\/\/www.gallardo-llopis.com\/wordpress\/wp-content\/uploads\/2026\/01\/gallardo-llopis-arquitectos-portugal-vivienda-en-oporto-esquema-07-1024x758.jpg\">Villa en Oporto, Portugal  - Gallardo Llopis Arquitectos<\/a>\n  \n  \n  \n<\/div>\n<div class=\"rsContent\">\n  <a class=\"rsImg\" href=\"https:\/\/www.gallardo-llopis.com\/wordpress\/wp-content\/uploads\/2026\/01\/gallardo-llopis-arquitectos-portugal-vivienda-en-oporto-esquema-08-1024x758.jpg\">Villa en Oporto, Portugal  - Gallardo Llopis Arquitectos<\/a>\n  \n  \n  \n<\/div>\n\n<\/div>\n<\/div><\/div><\/div><div class=\"col one-half last\"><\/div><\/div><div class=\"space\"><\/div>\n<div class=\"row\"><div class=\"col one-half\"><div class=\"text small-text\"><p>El muro que acompa\u00f1a la entrada a la vivienda se dispone para proteger y controlar las vistas desde la parcela colindante, y protege del sol del oeste. Adem\u00e1s, se utiliza como elemento compositivo para resaltar el acceso a la casa.<\/p>\n<p>En la fachada oeste, las lamas horizontales y verticales se utilizan para crear un espacio exterior privado.Las lamas verticales se utilizan como filtro en la fachada principal, gracias a su flexibilidad y movilidad permiten controlar la luz solar y las relaciones visuales entre los espacios.<\/p>\n<p>El plano horizontal de la cubierta se extiende m\u00e1s all\u00e1 de la propia fachada para proteger los espacios interiores y exteriores de la luz solar y proporcionar continuidad y cobijo a los espacios exteriores.<\/p>\n<\/div><\/div><div class=\"col one-half last\"><\/div><\/div><div class=\"space\"><\/div>\n<div class=\"row\"><div class=\"col one-half\"><div class=\"row\"><div class=\"col full-width\"><div id=\"new-royalslider-114\" class=\"royalSlider new-royalslider-114 CustomSkin rs-default-template\" style=\"width:100%;height:100%;;\" data-rs-options='{&quot;template&quot;:&quot;default&quot;,&quot;image_generation&quot;:{&quot;lazyLoading&quot;:&quot;true&quot;,&quot;imageWidth&quot;:&quot;&quot;,&quot;imageHeight&quot;:&quot;&quot;,&quot;thumbImageWidth&quot;:&quot;&quot;,&quot;thumbImageHeight&quot;:&quot;&quot;},&quot;thumbs&quot;:{&quot;thumbWidth&quot;:96,&quot;thumbHeight&quot;:72},&quot;autoPlay&quot;:{&quot;enabled&quot;:&quot;true&quot;,&quot;stopAtAction&quot;:&quot;false&quot;,&quot;pauseOnHover&quot;:&quot;false&quot;},&quot;video&quot;:[],&quot;block&quot;:{&quot;moveOffset&quot;:20,&quot;speed&quot;:400,&quot;delay&quot;:200},&quot;width&quot;:&quot;100%&quot;,&quot;height&quot;:&quot;100%&quot;,&quot;autoScaleSlider&quot;:&quot;true&quot;,&quot;autoScaleSliderWidth&quot;:1730,&quot;autoScaleSliderHeight&quot;:1280,&quot;slidesSpacing&quot;:0,&quot;imageScaleMode&quot;:&quot;fill&quot;,&quot;arrowsNav&quot;:&quot;false&quot;,&quot;transitionType&quot;:&quot;fade&quot;,&quot;transitionSpeed&quot;:1400,&quot;loop&quot;:&quot;true&quot;}'>\n<div class=\"rsContent\">\n  <a class=\"rsImg\" href=\"https:\/\/www.gallardo-llopis.com\/wordpress\/wp-content\/uploads\/2026\/01\/gallardo-llopis-arquitectos-portugal-vivienda-en-oporto-esquema-09-1024x758.jpg\">Villa en Oporto, Portugal  - Gallardo Llopis Arquitectos<\/a>\n  \n  \n  \n<\/div>\n<div class=\"rsContent\">\n  <a class=\"rsImg\" href=\"https:\/\/www.gallardo-llopis.com\/wordpress\/wp-content\/uploads\/2026\/01\/gallardo-llopis-arquitectos-portugal-vivienda-en-oporto-esquema-10-1024x758.jpg\">Villa en Oporto, Portugal  - Gallardo Llopis Arquitectos<\/a>\n  \n  \n  \n<\/div>\n<div class=\"rsContent\">\n  <a class=\"rsImg\" href=\"https:\/\/www.gallardo-llopis.com\/wordpress\/wp-content\/uploads\/2026\/01\/gallardo-llopis-arquitectos-portugal-vivienda-en-oporto-esquema-11-1024x758.jpg\">Villa en Oporto, Portugal  - Gallardo Llopis Arquitectos<\/a>\n  \n  \n  \n<\/div>\n<div class=\"rsContent\">\n  <a class=\"rsImg\" href=\"https:\/\/www.gallardo-llopis.com\/wordpress\/wp-content\/uploads\/2026\/01\/gallardo-llopis-arquitectos-portugal-vivienda-en-oporto-esquema-12-1024x758.jpg\">Villa en Oporto, Portugal  - Gallardo Llopis Arquitectos<\/a>\n  \n  \n  \n<\/div>\n<div class=\"rsContent\">\n  <a class=\"rsImg\" href=\"https:\/\/www.gallardo-llopis.com\/wordpress\/wp-content\/uploads\/2026\/01\/gallardo-llopis-arquitectos-portugal-vivienda-en-oporto-esquema-13-1024x758.jpg\">Villa en Oporto, Portugal  - Gallardo Llopis Arquitectos<\/a>\n  \n  \n  \n<\/div>\n\n<\/div>\n<\/div><\/div><\/div><div class=\"col one-half last\"><\/div><\/div><div class=\"space\"><\/div>\n<div class=\"row\"><div class=\"col one-half\"><div class=\"text small-text\"><p>La piscina, como elemento acu\u00e1tico principal, se encuentra en el mejor espacio exterior, directamente relacionado con la zona de estar y con un soleamiento adecuado durante el d\u00eda. Adem\u00e1s, la vegetaci\u00f3n se encuentra en lugares espec\u00edficos de toda la parcela para proteger del sol y generar hermosas vistas desde los diferentes espacios.<\/p>\n<\/div><\/div><div class=\"col one-half last\"><\/div><\/div><div class=\"space\"><\/div>\n<div class=\"row\"><div class=\"col one-third first\"><\/div><div class=\"col two-third last\"><div class=\"row\"><div class=\"col full-width\"><img decoding=\"async\" src=\"https:\/\/www.gallardo-llopis.com\/wordpress\/wp-content\/uploads\/2026\/01\/gallardo-llopis-arquitectos-portugal-vivienda-en-oporto-3d-04.jpg\" alt=\"Arquitecto villa Oporto\" width=\"100%\" height=\"auto\" \/><\/div><\/div><\/div><\/div><div class=\"space\"><\/div>\n<div class=\"row\"><div class=\"col one-third first\"><\/div> <div class=\"col two-third last\"><h2 class=\"title\"><p><span style=\"color: #000000;\">AMBIENTE ACOGEDOR<\/span><\/p>\n<\/h2><div class=\"text small-text\"><p>En el interior predomina una paleta neutra y clara que proporciona una sensaci\u00f3n de armon\u00eda atemporal. El suelo de madera combina con los revestimientos neutros de la paredes. Una chimenea proporciona la sensaci\u00f3n de hogar calido donde relajarse y disfrutar de un libro. <\/p>\n<\/div><\/div><\/div><div class=\"space\"><\/div>\n<div class=\"row\"><div class=\"col full-width\"><div class=\"row\"><div class=\"col full-width\"><img decoding=\"async\" src=\"https:\/\/www.gallardo-llopis.com\/wordpress\/wp-content\/uploads\/2026\/01\/gallardo-llopis-arquitectos-portugal-vivienda-en-oporto-3d-05.jpg\" alt=\"Arquitecto villa Oporto\" width=\"100%\" height=\"auto\" \/><\/div><\/div><\/div><\/div><div class=\"space\"><\/div>\n<div class=\"row\"><div class=\"col one-half\"><\/div><div class=\"col one-half last\"><h2 class=\"title\"><p>ESTRECHA RELACION CON EL JARDIN EXTERIOR<\/p>\n<\/h2><div class=\"text small-text\"><p>El deslizamiento entre las diferentes partes del volumen genera una sucesi\u00f3n de espacios exteriores m\u00e1s peque\u00f1os alrededor de la vivienda y permite que la parte central de la casa tenga vistas al paisaje del sur y se relacione con los espacios verdes. Adem\u00e1s, el deslizamiento genera una vista de paso en el acceso. El exterior de la vivienda tiene por tanto una fuerte presencia en el interior de la casa.<\/p>\n<\/div><\/div><\/div><div class=\"space\"><\/div>\n<div class=\"row\"><div class=\"col two-third\"><div class=\"row\"><div class=\"col full-width\"><img decoding=\"async\" src=\"https:\/\/www.gallardo-llopis.com\/wordpress\/wp-content\/uploads\/2026\/01\/gallardo-llopis-arquitectos-portugal-vivienda-en-oporto-3d-06.jpg\" alt=\"Arquitecto villa Oporto\" width=\"100%\" height=\"auto\" \/><\/div><\/div><\/div><div class=\"col one-third last\"><\/div><\/div><div class=\"space\"><\/div>\n<div class=\"row\"><div class=\"col one-half\"><h2 class=\"title\"><p><span style=\"color: #000000;\">ZONIFICACION<\/span><\/p>\n<\/h2><div class=\"text small-text\"><p>Las zonas diurnas y nocturnas se encuentran en puntos opuestos del volumen. La zona diurna es la parte social de la casa, con mayor relaci\u00f3n con los espacios exteriores y un comedor al aire libre. La zona nocturna se encuentra en el punto m\u00e1s tranquilo, con vistas al patio norte.\u00a0<\/p>\n<\/div><\/div><div class=\"col one-half last\"><\/div><\/div><div class=\"space\"><\/div>\n<div class=\"row\"><div class=\"col one-half\"><\/div><div class=\"col one-half last\"><\/div><\/div><div class=\"space\"><\/div>\n","protected":false},"excerpt":{"rendered":"","protected":false},"author":2,"featured_media":6725,"comment_status":"closed","ping_status":"closed","template":"","class_list":["post-6956","gla-project","type-gla-project","status-publish","has-post-thumbnail","hentry","filter_proyectos-single-family-houses"],"yoast_head":"<!-- This site is optimized with the Yoast SEO plugin v26.1.1 - https:\/\/yoast.com\/wordpress\/plugins\/seo\/ -->\n<title>La casa tamiz - Gallardo Llopis Architects<\/title>\n<meta name=\"description\" content=\"GALLARDO LLOPIS ARCHITECTS- History of architecture projects of modern and contemporary houses. Interiors of modern minimalist houses and design\" \/>\n<meta name=\"robots\" content=\"index, follow, max-snippet:-1, max-image-preview:large, max-video-preview:-1\" \/>\n<link rel=\"canonical\" href=\"https:\/\/www.gallardo-llopis.com\/en\/projects\/la-casa-tamiz\/\" \/>\n<meta property=\"og:locale\" content=\"en_US\" \/>\n<meta property=\"og:type\" content=\"article\" \/>\n<meta property=\"og:title\" content=\"La casa tamiz - Gallardo Llopis Architects\" \/>\n<meta property=\"og:description\" content=\"GALLARDO LLOPIS ARCHITECTS- History of architecture projects of modern and contemporary houses. Interiors of modern minimalist houses and design\" \/>\n<meta property=\"og:url\" content=\"https:\/\/www.gallardo-llopis.com\/en\/projects\/la-casa-tamiz\/\" \/>\n<meta property=\"og:site_name\" content=\"Gallardo Llopis Architects\" \/>\n<meta property=\"article:publisher\" content=\"https:\/\/www.facebook.com\/GallardoLlopisArquitectos\/\" \/>\n<meta property=\"article:modified_time\" content=\"2026-02-25T17:18:02+00:00\" \/>\n<meta property=\"og:image\" content=\"https:\/\/www.gallardo-llopis.com\/wordpress\/wp-content\/uploads\/2026\/01\/gallardo-llopis-arquitectos-portugal-vivienda-en-oporto-3d-01-1024x683.jpg\" \/>\n\t<meta property=\"og:image:width\" content=\"1024\" \/>\n\t<meta property=\"og:image:height\" content=\"683\" \/>\n\t<meta property=\"og:image:type\" content=\"image\/jpeg\" \/>\n<meta name=\"twitter:card\" content=\"summary_large_image\" \/>\n<meta name=\"twitter:label1\" content=\"Est. reading time\" \/>\n\t<meta name=\"twitter:data1\" content=\"5 minutes\" \/>\n<script type=\"application\/ld+json\" class=\"yoast-schema-graph\">{\"@context\":\"https:\/\/schema.org\",\"@graph\":[{\"@type\":\"WebPage\",\"@id\":\"https:\/\/www.gallardo-llopis.com\/en\/projects\/la-casa-tamiz\/\",\"url\":\"https:\/\/www.gallardo-llopis.com\/en\/projects\/la-casa-tamiz\/\",\"name\":\"La casa tamiz - Gallardo Llopis Architects\",\"isPartOf\":{\"@id\":\"https:\/\/www.gallardo-llopis.com\/#website\"},\"primaryImageOfPage\":{\"@id\":\"https:\/\/www.gallardo-llopis.com\/en\/projects\/la-casa-tamiz\/#primaryimage\"},\"image\":{\"@id\":\"https:\/\/www.gallardo-llopis.com\/en\/projects\/la-casa-tamiz\/#primaryimage\"},\"thumbnailUrl\":\"https:\/\/www.gallardo-llopis.com\/wordpress\/wp-content\/uploads\/2026\/01\/gallardo-llopis-arquitectos-portugal-vivienda-en-oporto-3d-01.jpg\",\"datePublished\":\"2018-10-02T17:17:21+00:00\",\"dateModified\":\"2026-02-25T17:18:02+00:00\",\"description\":\"GALLARDO LLOPIS ARCHITECTS- History of architecture projects of modern and contemporary houses. Interiors of modern minimalist houses and design\",\"breadcrumb\":{\"@id\":\"https:\/\/www.gallardo-llopis.com\/en\/projects\/la-casa-tamiz\/#breadcrumb\"},\"inLanguage\":\"en-US\",\"potentialAction\":[{\"@type\":\"ReadAction\",\"target\":[\"https:\/\/www.gallardo-llopis.com\/en\/projects\/la-casa-tamiz\/\"]}]},{\"@type\":\"ImageObject\",\"inLanguage\":\"en-US\",\"@id\":\"https:\/\/www.gallardo-llopis.com\/en\/projects\/la-casa-tamiz\/#primaryimage\",\"url\":\"https:\/\/www.gallardo-llopis.com\/wordpress\/wp-content\/uploads\/2026\/01\/gallardo-llopis-arquitectos-portugal-vivienda-en-oporto-3d-01.jpg\",\"contentUrl\":\"https:\/\/www.gallardo-llopis.com\/wordpress\/wp-content\/uploads\/2026\/01\/gallardo-llopis-arquitectos-portugal-vivienda-en-oporto-3d-01.jpg\",\"width\":1920,\"height\":1280,\"caption\":\"Vivienda Unifamiliar Oporto Portugal - Gallardo Llopis Arquitectos\"},{\"@type\":\"BreadcrumbList\",\"@id\":\"https:\/\/www.gallardo-llopis.com\/en\/projects\/la-casa-tamiz\/#breadcrumb\",\"itemListElement\":[{\"@type\":\"ListItem\",\"position\":1,\"name\":\"Portada\",\"item\":\"https:\/\/www.gallardo-llopis.com\/en\/\"},{\"@type\":\"ListItem\",\"position\":2,\"name\":\"Proyectos\",\"item\":\"https:\/\/www.gallardo-llopis.com\/proyectos\/\"},{\"@type\":\"ListItem\",\"position\":3,\"name\":\"La casa tamiz\"}]},{\"@type\":\"WebSite\",\"@id\":\"https:\/\/www.gallardo-llopis.com\/#website\",\"url\":\"https:\/\/www.gallardo-llopis.com\/\",\"name\":\"Gallardo Llopis Architects\",\"description\":\"Architecture and Design Studio - Valencia, Alicante, Ibiza and Castell\u00f3n\",\"publisher\":{\"@id\":\"https:\/\/www.gallardo-llopis.com\/#organization\"},\"potentialAction\":[{\"@type\":\"SearchAction\",\"target\":{\"@type\":\"EntryPoint\",\"urlTemplate\":\"https:\/\/www.gallardo-llopis.com\/?s={search_term_string}\"},\"query-input\":{\"@type\":\"PropertyValueSpecification\",\"valueRequired\":true,\"valueName\":\"search_term_string\"}}],\"inLanguage\":\"en-US\"},{\"@type\":\"Organization\",\"@id\":\"https:\/\/www.gallardo-llopis.com\/#organization\",\"name\":\"Gallardo Llopis Arquitectos\",\"url\":\"https:\/\/www.gallardo-llopis.com\/\",\"logo\":{\"@type\":\"ImageObject\",\"inLanguage\":\"en-US\",\"@id\":\"https:\/\/www.gallardo-llopis.com\/#\/schema\/logo\/image\/\",\"url\":\"https:\/\/www.gallardo-llopis.com\/wordpress\/wp-content\/uploads\/2017\/11\/logo-contacto.jpg\",\"contentUrl\":\"https:\/\/www.gallardo-llopis.com\/wordpress\/wp-content\/uploads\/2017\/11\/logo-contacto.jpg\",\"width\":768,\"height\":427,\"caption\":\"Gallardo Llopis Arquitectos\"},\"image\":{\"@id\":\"https:\/\/www.gallardo-llopis.com\/#\/schema\/logo\/image\/\"},\"sameAs\":[\"https:\/\/www.facebook.com\/GallardoLlopisArquitectos\/\",\"https:\/\/www.instagram.com\/gallardo_llopis_arquitectos\/\",\"https:\/\/www.linkedin.com\/company\/gallardo-llopis-arquitectos\/\",\"https:\/\/www.pinterest.es\/GallardoLlopisArquitectos\/\"]}]}<\/script>\n<!-- \/ Yoast SEO plugin. -->","yoast_head_json":{"title":"La casa tamiz - Gallardo Llopis Architects","description":"GALLARDO LLOPIS ARCHITECTS- History of architecture projects of modern and contemporary houses. Interiors of modern minimalist houses and design","robots":{"index":"index","follow":"follow","max-snippet":"max-snippet:-1","max-image-preview":"max-image-preview:large","max-video-preview":"max-video-preview:-1"},"canonical":"https:\/\/www.gallardo-llopis.com\/en\/projects\/la-casa-tamiz\/","og_locale":"en_US","og_type":"article","og_title":"La casa tamiz - Gallardo Llopis Architects","og_description":"GALLARDO LLOPIS ARCHITECTS- History of architecture projects of modern and contemporary houses. Interiors of modern minimalist houses and design","og_url":"https:\/\/www.gallardo-llopis.com\/en\/projects\/la-casa-tamiz\/","og_site_name":"Gallardo Llopis Architects","article_publisher":"https:\/\/www.facebook.com\/GallardoLlopisArquitectos\/","article_modified_time":"2026-02-25T17:18:02+00:00","og_image":[{"width":1024,"height":683,"url":"https:\/\/www.gallardo-llopis.com\/wordpress\/wp-content\/uploads\/2026\/01\/gallardo-llopis-arquitectos-portugal-vivienda-en-oporto-3d-01-1024x683.jpg","type":"image\/jpeg"}],"twitter_card":"summary_large_image","twitter_misc":{"Est. reading time":"5 minutes"},"schema":{"@context":"https:\/\/schema.org","@graph":[{"@type":"WebPage","@id":"https:\/\/www.gallardo-llopis.com\/en\/projects\/la-casa-tamiz\/","url":"https:\/\/www.gallardo-llopis.com\/en\/projects\/la-casa-tamiz\/","name":"La casa tamiz - Gallardo Llopis Architects","isPartOf":{"@id":"https:\/\/www.gallardo-llopis.com\/#website"},"primaryImageOfPage":{"@id":"https:\/\/www.gallardo-llopis.com\/en\/projects\/la-casa-tamiz\/#primaryimage"},"image":{"@id":"https:\/\/www.gallardo-llopis.com\/en\/projects\/la-casa-tamiz\/#primaryimage"},"thumbnailUrl":"https:\/\/www.gallardo-llopis.com\/wordpress\/wp-content\/uploads\/2026\/01\/gallardo-llopis-arquitectos-portugal-vivienda-en-oporto-3d-01.jpg","datePublished":"2018-10-02T17:17:21+00:00","dateModified":"2026-02-25T17:18:02+00:00","description":"GALLARDO LLOPIS ARCHITECTS- History of architecture projects of modern and contemporary houses. Interiors of modern minimalist houses and design","breadcrumb":{"@id":"https:\/\/www.gallardo-llopis.com\/en\/projects\/la-casa-tamiz\/#breadcrumb"},"inLanguage":"en-US","potentialAction":[{"@type":"ReadAction","target":["https:\/\/www.gallardo-llopis.com\/en\/projects\/la-casa-tamiz\/"]}]},{"@type":"ImageObject","inLanguage":"en-US","@id":"https:\/\/www.gallardo-llopis.com\/en\/projects\/la-casa-tamiz\/#primaryimage","url":"https:\/\/www.gallardo-llopis.com\/wordpress\/wp-content\/uploads\/2026\/01\/gallardo-llopis-arquitectos-portugal-vivienda-en-oporto-3d-01.jpg","contentUrl":"https:\/\/www.gallardo-llopis.com\/wordpress\/wp-content\/uploads\/2026\/01\/gallardo-llopis-arquitectos-portugal-vivienda-en-oporto-3d-01.jpg","width":1920,"height":1280,"caption":"Vivienda Unifamiliar Oporto Portugal - Gallardo Llopis Arquitectos"},{"@type":"BreadcrumbList","@id":"https:\/\/www.gallardo-llopis.com\/en\/projects\/la-casa-tamiz\/#breadcrumb","itemListElement":[{"@type":"ListItem","position":1,"name":"Portada","item":"https:\/\/www.gallardo-llopis.com\/en\/"},{"@type":"ListItem","position":2,"name":"Proyectos","item":"https:\/\/www.gallardo-llopis.com\/proyectos\/"},{"@type":"ListItem","position":3,"name":"La casa tamiz"}]},{"@type":"WebSite","@id":"https:\/\/www.gallardo-llopis.com\/#website","url":"https:\/\/www.gallardo-llopis.com\/","name":"Gallardo Llopis Architects","description":"Architecture and Design Studio - Valencia, Alicante, Ibiza and Castell\u00f3n","publisher":{"@id":"https:\/\/www.gallardo-llopis.com\/#organization"},"potentialAction":[{"@type":"SearchAction","target":{"@type":"EntryPoint","urlTemplate":"https:\/\/www.gallardo-llopis.com\/?s={search_term_string}"},"query-input":{"@type":"PropertyValueSpecification","valueRequired":true,"valueName":"search_term_string"}}],"inLanguage":"en-US"},{"@type":"Organization","@id":"https:\/\/www.gallardo-llopis.com\/#organization","name":"Gallardo Llopis Arquitectos","url":"https:\/\/www.gallardo-llopis.com\/","logo":{"@type":"ImageObject","inLanguage":"en-US","@id":"https:\/\/www.gallardo-llopis.com\/#\/schema\/logo\/image\/","url":"https:\/\/www.gallardo-llopis.com\/wordpress\/wp-content\/uploads\/2017\/11\/logo-contacto.jpg","contentUrl":"https:\/\/www.gallardo-llopis.com\/wordpress\/wp-content\/uploads\/2017\/11\/logo-contacto.jpg","width":768,"height":427,"caption":"Gallardo Llopis Arquitectos"},"image":{"@id":"https:\/\/www.gallardo-llopis.com\/#\/schema\/logo\/image\/"},"sameAs":["https:\/\/www.facebook.com\/GallardoLlopisArquitectos\/","https:\/\/www.instagram.com\/gallardo_llopis_arquitectos\/","https:\/\/www.linkedin.com\/company\/gallardo-llopis-arquitectos\/","https:\/\/www.pinterest.es\/GallardoLlopisArquitectos\/"]}]}},"_links":{"self":[{"href":"https:\/\/www.gallardo-llopis.com\/en\/wp-json\/wp\/v2\/gla-project\/6956","targetHints":{"allow":["GET"]}}],"collection":[{"href":"https:\/\/www.gallardo-llopis.com\/en\/wp-json\/wp\/v2\/gla-project"}],"about":[{"href":"https:\/\/www.gallardo-llopis.com\/en\/wp-json\/wp\/v2\/types\/gla-project"}],"author":[{"embeddable":true,"href":"https:\/\/www.gallardo-llopis.com\/en\/wp-json\/wp\/v2\/users\/2"}],"replies":[{"embeddable":true,"href":"https:\/\/www.gallardo-llopis.com\/en\/wp-json\/wp\/v2\/comments?post=6956"}],"wp:featuredmedia":[{"embeddable":true,"href":"https:\/\/www.gallardo-llopis.com\/en\/wp-json\/wp\/v2\/media\/6725"}],"wp:attachment":[{"href":"https:\/\/www.gallardo-llopis.com\/en\/wp-json\/wp\/v2\/media?parent=6956"}],"curies":[{"name":"wp","href":"https:\/\/api.w.org\/{rel}","templated":true}]}}